{"id":477,"date":"2023-03-20T21:17:00","date_gmt":"2023-03-20T20:17:00","guid":{"rendered":"https:\/\/sportnazvezaidrija.si\/?page_id=477"},"modified":"2023-03-21T14:09:07","modified_gmt":"2023-03-21T13:09:07","slug":"sportnik-leta-2021","status":"publish","type":"page","link":"https:\/\/sportnazvezaidrija.si\/?page_id=477","title":{"rendered":"\u0160PORTNIK LETA 2021"},"content":{"rendered":"\n<hr class=\"wp-block-separator has-css-opacity\"\/>\n\n\n\n<h2 class=\"wp-block-heading\" id=\"zlato-priznanje-za-sportne-dosezke\">Zlato priznanje za \u0161portne dose\u017eke<\/h2>\n\n\n\n<figure class=\"wp-block-image size-large\"><img loading=\"lazy\" decoding=\"async\" width=\"1024\" height=\"594\" src=\"https:\/\/sportnazvezaidrija.si\/wp-content\/uploads\/2022\/02\/oddja-1024x594.jpg\" alt=\"\" class=\"wp-image-269\" srcset=\"https:\/\/sportnazvezaidrija.si\/wp-content\/uploads\/2022\/02\/oddja-1024x594.jpg 1024w, https:\/\/sportnazvezaidrija.si\/wp-content\/uploads\/2022\/02\/oddja-300x174.jpg 300w, https:\/\/sportnazvezaidrija.si\/wp-content\/uploads\/2022\/02\/oddja-768x446.jpg 768w, https:\/\/sportnazvezaidrija.si\/wp-content\/uploads\/2022\/02\/oddja.jpg 1280w\" sizes=\"auto, (max-width: 1024px) 100vw, 1024px\" \/><\/figure>\n\n\n\n<blockquote class=\"wp-block-quote has-text-align-left is-layout-flow wp-block-quote-is-layout-flow\">\n<p><strong>Jan Tratnik<\/strong><\/p>\n<cite>Jan je s svojimi predstavami postal eden najopaznej\u0161ih pomo\u010dnikov v kolesarski svetovni seriji. Izjemen rezultat mu je uspel \u017ee na dirki Giro d&#8217; Italia, kjer je osvojil 2. mesto na etapi z zaklju\u010dkom na Zoncolan. Kasneje v sezoni se je znova okronal z nazivom dr\u017eavnega prvaka v kronometru, njemu ljubi disciplini. Izkazal se je kot nepogre\u0161ljiv pomo\u010dnik na cestni dirki na olimpijskih igrah, kjer je nadziral dirko ve\u010d kot 125 km in s tem pripeljal Tadeja Poga\u010darja do olimpijske kolajne. Da pa je bil v tej sezoni v res dobri formi, je dokazal \u0161e s 3. mestom na prologu La Vuelte ter 15. mestom na svetovnem prvenstvu v vo\u017enji na \u010das. Za rezultate, nesebi\u010dnost, preprostost in simpati\u010dnost gre zlato priznanje \u0160portne zveze Idrija za \u0161portne dose\u017eke v letu 2021 vsekakor v prave roke.<\/cite><\/blockquote>\n\n\n\n<figure class=\"wp-block-image size-full\"><img loading=\"lazy\" decoding=\"async\" width=\"480\" height=\"289\" src=\"https:\/\/sportnazvezaidrija.si\/wp-content\/uploads\/2022\/02\/Jan-Tratnik.jpg\" alt=\"\" class=\"wp-image-252\" srcset=\"https:\/\/sportnazvezaidrija.si\/wp-content\/uploads\/2022\/02\/Jan-Tratnik.jpg 480w, https:\/\/sportnazvezaidrija.si\/wp-content\/uploads\/2022\/02\/Jan-Tratnik-300x181.jpg 300w\" sizes=\"auto, (max-width: 480px) 100vw, 480px\" \/><\/figure>\n\n\n\n<figure class=\"wp-block-image size-large\"><img loading=\"lazy\" decoding=\"async\" width=\"1024\" height=\"767\" src=\"http:\/\/sportnazvezaidrija.si\/wp-content\/uploads\/2022\/03\/13_Jan-1024x767.jpg\" alt=\"\" class=\"wp-image-293\" srcset=\"https:\/\/sportnazvezaidrija.si\/wp-content\/uploads\/2022\/03\/13_Jan-1024x767.jpg 1024w, https:\/\/sportnazvezaidrija.si\/wp-content\/uploads\/2022\/03\/13_Jan-300x225.jpg 300w, https:\/\/sportnazvezaidrija.si\/wp-content\/uploads\/2022\/03\/13_Jan-768x575.jpg 768w, https:\/\/sportnazvezaidrija.si\/wp-content\/uploads\/2022\/03\/13_Jan-1536x1150.jpg 1536w, https:\/\/sportnazvezaidrija.si\/wp-content\/uploads\/2022\/03\/13_Jan-2048x1534.jpg 2048w\" sizes=\"auto, (max-width: 1024px) 100vw, 1024px\" \/><\/figure>\n\n\n\n<hr class=\"wp-block-separator has-css-opacity\"\/>\n\n\n\n<h2 class=\"wp-block-heading\" id=\"zlato-priznanje-za-sportne-dosezke\">Srebrno priznanje za \u0161portne dose\u017eke<\/h2>\n\n\n\n<figure class=\"wp-block-image size-large\"><img loading=\"lazy\" decoding=\"async\" width=\"1024\" height=\"598\" src=\"https:\/\/sportnazvezaidrija.si\/wp-content\/uploads\/2022\/02\/lokaodd-1024x598.jpg\" alt=\"\" class=\"wp-image-273\" srcset=\"https:\/\/sportnazvezaidrija.si\/wp-content\/uploads\/2022\/02\/lokaodd-1024x598.jpg 1024w, https:\/\/sportnazvezaidrija.si\/wp-content\/uploads\/2022\/02\/lokaodd-300x175.jpg 300w, https:\/\/sportnazvezaidrija.si\/wp-content\/uploads\/2022\/02\/lokaodd-768x448.jpg 768w, https:\/\/sportnazvezaidrija.si\/wp-content\/uploads\/2022\/02\/lokaodd.jpg 1280w\" sizes=\"auto, (max-width: 1024px) 100vw, 1024px\" \/><\/figure>\n\n\n\n<blockquote class=\"wp-block-quote has-text-align-left is-layout-flow wp-block-quote-is-layout-flow\">\n<p><strong>Luka Rupnik<\/strong><\/p>\n<cite>Luka je \u017ee vrsto let \u010dlan Slovenske ko\u0161arkarske reprezentance, ki se je prvi\u010d v zgodovini uvrstila na olimpijske igre, ki so potekale lansko leto. Skupaj z reprezentanco je osvojil 4. mesto na olimpijskem turnirju, medtem ko je kazalo \u0161e na bolj\u0161i rezultat. Z odnosom do reprezentan\u010dnega dresa, vzpostavljanjem in ohranjanjem klime v reprezentanci in zgledom za mlade (idrijske) ko\u0161arkarje, si Luka Rupnik nedvomno zaslu\u017ei srebrno priznanje \u0160portne zveze Idrija za \u0161portne dose\u017eke v letu 2021.<\/cite><\/blockquote>\n\n\n\n<figure class=\"wp-block-image size-full\"><img loading=\"lazy\" decoding=\"async\" width=\"480\" height=\"320\" src=\"https:\/\/sportnazvezaidrija.si\/wp-content\/uploads\/2022\/02\/Luka-Rupnik.jpg\" alt=\"\" class=\"wp-image-254\" srcset=\"https:\/\/sportnazvezaidrija.si\/wp-content\/uploads\/2022\/02\/Luka-Rupnik.jpg 480w, https:\/\/sportnazvezaidrija.si\/wp-content\/uploads\/2022\/02\/Luka-Rupnik-300x200.jpg 300w\" sizes=\"auto, (max-width: 480px) 100vw, 480px\" \/><\/figure>\n\n\n\n<figure class=\"wp-block-image size-large\"><img loading=\"lazy\" decoding=\"async\" width=\"756\" height=\"1024\" src=\"http:\/\/sportnazvezaidrija.si\/wp-content\/uploads\/2022\/02\/2_Luka_small-756x1024.jpg\" alt=\"\" class=\"wp-image-287\" srcset=\"https:\/\/sportnazvezaidrija.si\/wp-content\/uploads\/2022\/02\/2_Luka_small-756x1024.jpg 756w, https:\/\/sportnazvezaidrija.si\/wp-content\/uploads\/2022\/02\/2_Luka_small-222x300.jpg 222w, https:\/\/sportnazvezaidrija.si\/wp-content\/uploads\/2022\/02\/2_Luka_small-768x1040.jpg 768w, https:\/\/sportnazvezaidrija.si\/wp-content\/uploads\/2022\/02\/2_Luka_small.jpg 800w\" sizes=\"auto, (max-width: 756px) 100vw, 756px\" \/><\/figure>\n\n\n\n<hr class=\"wp-block-separator has-css-opacity\"\/>\n\n\n\n<h2 class=\"wp-block-heading\" id=\"zlato-priznanje-za-sportne-dosezke\">Bronasto priznanje za \u0161portne dose\u017eke<\/h2>\n\n\n\n<figure class=\"wp-block-image size-large\"><img loading=\"lazy\" decoding=\"async\" width=\"1024\" height=\"590\" src=\"https:\/\/sportnazvezaidrija.si\/wp-content\/uploads\/2022\/02\/Adamodd-1024x590.jpg\" alt=\"\" class=\"wp-image-274\" srcset=\"https:\/\/sportnazvezaidrija.si\/wp-content\/uploads\/2022\/02\/Adamodd-1024x590.jpg 1024w, https:\/\/sportnazvezaidrija.si\/wp-content\/uploads\/2022\/02\/Adamodd-300x173.jpg 300w, https:\/\/sportnazvezaidrija.si\/wp-content\/uploads\/2022\/02\/Adamodd-768x443.jpg 768w, https:\/\/sportnazvezaidrija.si\/wp-content\/uploads\/2022\/02\/Adamodd.jpg 1280w\" sizes=\"auto, (max-width: 1024px) 100vw, 1024px\" \/><\/figure>\n\n\n\n<blockquote class=\"wp-block-quote has-text-align-left is-layout-flow wp-block-quote-is-layout-flow\">\n<p><strong>Adam Gnezda \u010cerin<\/strong><\/p>\n<cite>Adam je svojo \u0161portno pot za\u010del v mlaj\u0161ih selekcijah Nogometnega dru\u0161tva Idrija. Pot ga je iz Idrije vodila preko Nogometnega kluba Bravo iz Dom\u017eal v nem\u0161ki Nurnberg. Od leta 2020 je \u010dlan HNK Rijeka, kjer je eden od najmo\u010dnej\u0161ih \u010dlenov mo\u0161tva, ki je v samem vrhu Prve hrva\u0161ke nogometne lige. S trdim delom, prizadevnostjo in kvaliteto si je \u017ee v mlaj\u0161ih selekcijah zagotovil igranje za mlaj\u0161e selekcije slovenske reprezentance, v letu 2021 pa je debitiral in redno igral tudi v \u010dlanski reprezentanci Slovenije.<br>V sezoni 2020\/2021 in 2021\/2022 je za Rijeko zbral 60 nastopov in dosegel en zadetek, za Slovensko \u010dlansko reprezentanco je odigral 6 tekem in prav tako dosegel en zadetek, za reprezentanco U-21 pa je ob igranju na Evropskem nogometnem prvenstvu do 21 let odigral vse tri tekme. Izpostavljamo prvi zadetek Idrij\u010dana za \u010dlansko nogometno reprezentanco in tudi zato je Adam Gnezda \u010cerin prejemnik bronastega priznanja \u0160portne zveze Idrija za koledarsko leto 2021.<\/cite><\/blockquote>\n\n\n\n<figure class=\"wp-block-image size-full\"><img loading=\"lazy\" decoding=\"async\" width=\"480\" height=\"321\" src=\"https:\/\/sportnazvezaidrija.si\/wp-content\/uploads\/2022\/02\/Adam-G.-C..jpg\" alt=\"\" class=\"wp-image-256\" srcset=\"https:\/\/sportnazvezaidrija.si\/wp-content\/uploads\/2022\/02\/Adam-G.-C..jpg 480w, https:\/\/sportnazvezaidrija.si\/wp-content\/uploads\/2022\/02\/Adam-G.-C.-300x201.jpg 300w\" sizes=\"auto, (max-width: 480px) 100vw, 480px\" \/><\/figure>\n\n\n\n<figure class=\"wp-block-image size-large\"><img loading=\"lazy\" decoding=\"async\" width=\"678\" height=\"1024\" src=\"http:\/\/sportnazvezaidrija.si\/wp-content\/uploads\/2022\/04\/A2_small-678x1024.jpg\" alt=\"\" class=\"wp-image-314\" srcset=\"https:\/\/sportnazvezaidrija.si\/wp-content\/uploads\/2022\/04\/A2_small-678x1024.jpg 678w, https:\/\/sportnazvezaidrija.si\/wp-content\/uploads\/2022\/04\/A2_small-199x300.jpg 199w, https:\/\/sportnazvezaidrija.si\/wp-content\/uploads\/2022\/04\/A2_small-768x1160.jpg 768w, https:\/\/sportnazvezaidrija.si\/wp-content\/uploads\/2022\/04\/A2_small.jpg 800w\" sizes=\"auto, (max-width: 678px) 100vw, 678px\" \/><\/figure>\n\n\n\n<hr class=\"wp-block-separator has-css-opacity\"\/>\n\n\n\n<h2 class=\"wp-block-heading\" id=\"zlato-priznanje-za-sportne-dosezke\">Priznanja za mlade upe<\/h2>\n\n\n\n<figure class=\"wp-block-image size-large\"><img loading=\"lazy\" decoding=\"async\" width=\"1024\" height=\"597\" src=\"https:\/\/sportnazvezaidrija.si\/wp-content\/uploads\/2022\/02\/tevzdodd-1024x597.jpg\" alt=\"\" class=\"wp-image-277\" srcset=\"https:\/\/sportnazvezaidrija.si\/wp-content\/uploads\/2022\/02\/tevzdodd-1024x597.jpg 1024w, https:\/\/sportnazvezaidrija.si\/wp-content\/uploads\/2022\/02\/tevzdodd-300x175.jpg 300w, https:\/\/sportnazvezaidrija.si\/wp-content\/uploads\/2022\/02\/tevzdodd-768x448.jpg 768w, https:\/\/sportnazvezaidrija.si\/wp-content\/uploads\/2022\/02\/tevzdodd.jpg 1280w\" sizes=\"auto, (max-width: 1024px) 100vw, 1024px\" \/><\/figure>\n\n\n\n<blockquote class=\"wp-block-quote has-text-align-left is-layout-flow wp-block-quote-is-layout-flow\">\n<p><strong>Matev\u017e Govekar<\/strong><\/p>\n<cite>Matev\u017e predstavlja prihodnji rod idrijskih kolesarjev, ki navdu\u0161uje s svojimi rezultati. Uspe\u0161no je \u0161ir\u0161e gume gorskega kolesa zamenjal za o\u017eje, cestne. V sezoni 2021 je uspe\u0161no zastopal barve avstrijske ekipe Tirol KTM Cycling, v kateri se znajde odli\u010dno. Zmagal je na mo\u010dni mednarodni tekmi Kirschbl\u00fctenrennen, med drugim pa je v tej sezoni postal dr\u017eavni prvak v cestnem kolesarstvu do 23 let. Zaradi obetavnih rezultatov, ki se jim nedvomno v prihodnosti pridru\u017eujejo novi, mu \u0160portna zveza Idrija podeljuje priznanje zveze za mlade upe 2021.<\/cite><\/blockquote>\n\n\n\n<figure class=\"wp-block-image size-full\"><img loading=\"lazy\" decoding=\"async\" width=\"480\" height=\"319\" src=\"https:\/\/sportnazvezaidrija.si\/wp-content\/uploads\/2022\/02\/Matevz-Govekar.jpg\" alt=\"\" class=\"wp-image-258\" srcset=\"https:\/\/sportnazvezaidrija.si\/wp-content\/uploads\/2022\/02\/Matevz-Govekar.jpg 480w, https:\/\/sportnazvezaidrija.si\/wp-content\/uploads\/2022\/02\/Matevz-Govekar-300x199.jpg 300w\" sizes=\"auto, (max-width: 480px) 100vw, 480px\" \/><\/figure>\n\n\n\n<figure class=\"wp-block-image size-full\"><img loading=\"lazy\" decoding=\"async\" width=\"800\" height=\"611\" src=\"http:\/\/sportnazvezaidrija.si\/wp-content\/uploads\/2022\/04\/M3_small.jpg\" alt=\"\" class=\"wp-image-318\" srcset=\"https:\/\/sportnazvezaidrija.si\/wp-content\/uploads\/2022\/04\/M3_small.jpg 800w, https:\/\/sportnazvezaidrija.si\/wp-content\/uploads\/2022\/04\/M3_small-300x229.jpg 300w, https:\/\/sportnazvezaidrija.si\/wp-content\/uploads\/2022\/04\/M3_small-768x587.jpg 768w\" sizes=\"auto, (max-width: 800px) 100vw, 800px\" \/><\/figure>\n\n\n\n<hr class=\"wp-block-separator has-css-opacity\"\/>\n\n\n\n<figure class=\"wp-block-image size-large\"><img loading=\"lazy\" decoding=\"async\" width=\"1024\" height=\"594\" src=\"https:\/\/sportnazvezaidrija.si\/wp-content\/uploads\/2022\/02\/enejod-1024x594.jpg\" alt=\"\" class=\"wp-image-278\" srcset=\"https:\/\/sportnazvezaidrija.si\/wp-content\/uploads\/2022\/02\/enejod-1024x594.jpg 1024w, https:\/\/sportnazvezaidrija.si\/wp-content\/uploads\/2022\/02\/enejod-300x174.jpg 300w, https:\/\/sportnazvezaidrija.si\/wp-content\/uploads\/2022\/02\/enejod-768x445.jpg 768w, https:\/\/sportnazvezaidrija.si\/wp-content\/uploads\/2022\/02\/enejod.jpg 1280w\" sizes=\"auto, (max-width: 1024px) 100vw, 1024px\" \/><\/figure>\n\n\n\n<blockquote class=\"wp-block-quote has-text-align-left is-layout-flow wp-block-quote-is-layout-flow\">\n<p><strong>Enej Logar<\/strong><\/p>\n<cite>Mlad motociklist Enej Logar si zaslu\u017ei priznanje zveze za mlade upe v letu 2021 zaradi&nbsp;zmage v skupni razvrstitvi dr\u017eavnega prvaka v svojem razredu &#8211; Supersport 600. Enej&nbsp;je pred&nbsp; za\u010detkom sezone prestopil v mo\u010dnej\u0161o kategorijo in \u017ee na prvi dirki&nbsp;presenetljivo ugnal vse konkurente. Kar tri od petih dirk so se kon\u010dale z razliko manj\u0161o od&nbsp;15 stotink, kar lepo ponazarja izena\u010denost tekmovalcev. Pred zadnjo dirko prvenstva, ki&nbsp;poteka pod okriljem Avto-moto zveze Slovenije in v organizaciji dru\u0161tva 2nRace, je Enej branil minimalno vodstvo v skupnem se\u0161tevku in kljub padcu na prvem&nbsp;kvalifikacijskem nastopu predzadnje dirke, se je uspel do dirke zbrati in z novo tesno&nbsp;zmago, tlakovati pot do kon\u010dnega zmagoslavja. V petih nastopih je tako osvojil tri zmage,&nbsp;ter po eno drugo in eno tretje mesto. Za ta izjemni rezultat in naslov dr\u017eavnega prvaka&nbsp;mu \u0160portna zveza Idrija podeljuje priznanje zveze za mlade upe 2021.<\/cite><\/blockquote>\n\n\n\n<figure class=\"wp-block-image size-full\"><img loading=\"lazy\" decoding=\"async\" width=\"480\" height=\"251\" src=\"https:\/\/sportnazvezaidrija.si\/wp-content\/uploads\/2022\/02\/enej-1.jpg\" alt=\"\" class=\"wp-image-282\" srcset=\"https:\/\/sportnazvezaidrija.si\/wp-content\/uploads\/2022\/02\/enej-1.jpg 480w, https:\/\/sportnazvezaidrija.si\/wp-content\/uploads\/2022\/02\/enej-1-300x157.jpg 300w\" sizes=\"auto, (max-width: 480px) 100vw, 480px\" \/><\/figure>\n\n\n\n<figure class=\"wp-block-image size-full\"><img loading=\"lazy\" decoding=\"async\" width=\"800\" height=\"1025\" src=\"http:\/\/sportnazvezaidrija.si\/wp-content\/uploads\/2022\/03\/Enej_2_small.jpg\" alt=\"\" class=\"wp-image-299\" srcset=\"https:\/\/sportnazvezaidrija.si\/wp-content\/uploads\/2022\/03\/Enej_2_small.jpg 800w, https:\/\/sportnazvezaidrija.si\/wp-content\/uploads\/2022\/03\/Enej_2_small-234x300.jpg 234w, https:\/\/sportnazvezaidrija.si\/wp-content\/uploads\/2022\/03\/Enej_2_small-768x984.jpg 768w\" sizes=\"auto, (max-width: 800px) 100vw, 800px\" \/><\/figure>\n\n\n\n<hr class=\"wp-block-separator has-css-opacity\"\/>\n\n\n\n<figure class=\"wp-block-image size-large\"><img loading=\"lazy\" decoding=\"async\" width=\"1024\" height=\"594\" src=\"https:\/\/sportnazvezaidrija.si\/wp-content\/uploads\/2022\/02\/galodd-1024x594.jpg\" alt=\"\" class=\"wp-image-279\" srcset=\"https:\/\/sportnazvezaidrija.si\/wp-content\/uploads\/2022\/02\/galodd-1024x594.jpg 1024w, https:\/\/sportnazvezaidrija.si\/wp-content\/uploads\/2022\/02\/galodd-300x174.jpg 300w, https:\/\/sportnazvezaidrija.si\/wp-content\/uploads\/2022\/02\/galodd-768x446.jpg 768w, https:\/\/sportnazvezaidrija.si\/wp-content\/uploads\/2022\/02\/galodd.jpg 1280w\" sizes=\"auto, (max-width: 1024px) 100vw, 1024px\" \/><\/figure>\n\n\n\n<blockquote class=\"wp-block-quote has-text-align-left is-layout-flow wp-block-quote-is-layout-flow\">\n<p><strong>Gal Kr\u017ei\u0161nik<\/strong><\/p>\n<cite>Gal je na svetovnem karate pokalu za mlade (Karate1 Youth League), ki se je odvijal na Cipru (Limassol), 5. junija leta 2021, osvojil 1. mesto v kategoriji mladincev +76 kg in tako postal prvi mo\u0161ki zmagovalec iz Slovenije na enem najmo\u010dnej\u0161ih karate turnirjev za mlade na svetu.<br>Gal je v preteklem letu kot \u010dlan slovenske karate reprezentance osvojil odli\u010dja tudi na drugih mednarodnih turnirjih in je kot mlad, discipliniran in uspe\u0161en \u0161portnik vzor tudi drugim mlaj\u0161im \u010dlanom v klubu. Poleg tega je Gal tudi zelo perspektiven \u0161portnik, za katerega v klubu verjamejo, da bo na svoji \u0161portni poti zelo uspe\u0161en tudi v prihodnje. S svojim trdim delom in dose\u017eenimi rezultati, si Gal zaslu\u017ei priznanje zveze za mlade upe za leta 2021.<\/cite><\/blockquote>\n\n\n\n<figure class=\"wp-block-image size-full\"><img loading=\"lazy\" decoding=\"async\" width=\"480\" height=\"480\" src=\"https:\/\/sportnazvezaidrija.si\/wp-content\/uploads\/2022\/02\/Gal-Krzisnik.jpg\" alt=\"\" class=\"wp-image-263\" srcset=\"https:\/\/sportnazvezaidrija.si\/wp-content\/uploads\/2022\/02\/Gal-Krzisnik.jpg 480w, https:\/\/sportnazvezaidrija.si\/wp-content\/uploads\/2022\/02\/Gal-Krzisnik-300x300.jpg 300w, https:\/\/sportnazvezaidrija.si\/wp-content\/uploads\/2022\/02\/Gal-Krzisnik-150x150.jpg 150w\" sizes=\"auto, (max-width: 480px) 100vw, 480px\" \/><\/figure>\n\n\n\n<figure class=\"wp-block-image size-full\"><img loading=\"lazy\" decoding=\"async\" width=\"800\" height=\"636\" src=\"http:\/\/sportnazvezaidrija.si\/wp-content\/uploads\/2022\/03\/13_Gal_small.jpg\" alt=\"\" class=\"wp-image-307\" srcset=\"https:\/\/sportnazvezaidrija.si\/wp-content\/uploads\/2022\/03\/13_Gal_small.jpg 800w, https:\/\/sportnazvezaidrija.si\/wp-content\/uploads\/2022\/03\/13_Gal_small-300x239.jpg 300w, https:\/\/sportnazvezaidrija.si\/wp-content\/uploads\/2022\/03\/13_Gal_small-768x611.jpg 768w\" sizes=\"auto, (max-width: 800px) 100vw, 800px\" \/><\/figure>\n\n\n\n<hr class=\"wp-block-separator has-css-opacity\"\/>\n\n\n\n<h2 class=\"wp-block-heading\" id=\"zlato-priznanje-za-sportne-dosezke\">Priznanje za pomemben prispevek k razvoju in popularizaciji \u0161porta v ob\u010dini Idrija<\/h2>\n\n\n\n<figure class=\"wp-block-image size-large\"><img loading=\"lazy\" decoding=\"async\" width=\"1024\" height=\"590\" src=\"https:\/\/sportnazvezaidrija.si\/wp-content\/uploads\/2022\/02\/dragodd-1-1024x590.jpg\" alt=\"\" class=\"wp-image-276\" srcset=\"https:\/\/sportnazvezaidrija.si\/wp-content\/uploads\/2022\/02\/dragodd-1-1024x590.jpg 1024w, https:\/\/sportnazvezaidrija.si\/wp-content\/uploads\/2022\/02\/dragodd-1-300x173.jpg 300w, https:\/\/sportnazvezaidrija.si\/wp-content\/uploads\/2022\/02\/dragodd-1-768x442.jpg 768w, https:\/\/sportnazvezaidrija.si\/wp-content\/uploads\/2022\/02\/dragodd-1.jpg 1280w\" sizes=\"auto, (max-width: 1024px) 100vw, 1024px\" \/><\/figure>\n\n\n\n<blockquote class=\"wp-block-quote has-text-align-left is-layout-flow wp-block-quote-is-layout-flow\">\n<p><strong>Drago Kav\u010di\u010d<\/strong><\/p>\n<cite>Drago ni le dolgoletni \u0161portni pedagog, ki za \u0161port navdu\u0161uje svoje u\u010dence, ampak tudi trener v razli\u010dnih \u0161portnih panogah. S svojim delom je pomembno vplival na razvoj in popularizacijo \u0161porta v na\u0161ih krajih saj se tudi v svojem prostem \u010dasu \u017ee dolga leta usmerja v delo z mladimi. Med drugim je bil trener akrobatike in gorskega kolesarjenja, zadnjih nekaj let pa aktivno deluje v Teka\u0161ko smu\u010darskem klubu Idrija, kjer skrbi za vzgojo tekmovalcev v razli\u010dnih starostnih kategorijah. Poleg tega z izvajanjem zelo dobro obiskanih splo\u0161nih vadb najrazli\u010dnej\u0161im udele\u017eencem; tudi najstarej\u0161im, omogo\u010da ohranjanje fizi\u010dne kondicije. Zaradi njegove vsestranosti in uspe\u0161nega dolgoletnega delovanja mu \u0160portna zveza Idrija podeljuje za Priznanje za pomemben prispevek k razvoju in popularizaciji \u0161porta v Ob\u010dini.<\/cite><\/blockquote>\n\n\n\n<figure class=\"wp-block-image size-full\"><img loading=\"lazy\" decoding=\"async\" width=\"480\" height=\"339\" src=\"https:\/\/sportnazvezaidrija.si\/wp-content\/uploads\/2022\/02\/Drago.jpg\" alt=\"\" class=\"wp-image-265\" srcset=\"https:\/\/sportnazvezaidrija.si\/wp-content\/uploads\/2022\/02\/Drago.jpg 480w, https:\/\/sportnazvezaidrija.si\/wp-content\/uploads\/2022\/02\/Drago-300x212.jpg 300w\" sizes=\"auto, (max-width: 480px) 100vw, 480px\" \/><\/figure>\n\n\n\n<figure class=\"wp-block-image size-full\"><img loading=\"lazy\" decoding=\"async\" width=\"800\" height=\"849\" src=\"http:\/\/sportnazvezaidrija.si\/wp-content\/uploads\/2022\/03\/2_Drago_small.jpg\" alt=\"\" class=\"wp-image-303\" srcset=\"https:\/\/sportnazvezaidrija.si\/wp-content\/uploads\/2022\/03\/2_Drago_small.jpg 800w, https:\/\/sportnazvezaidrija.si\/wp-content\/uploads\/2022\/03\/2_Drago_small-283x300.jpg 283w, https:\/\/sportnazvezaidrija.si\/wp-content\/uploads\/2022\/03\/2_Drago_small-768x815.jpg 768w\" sizes=\"auto, (max-width: 800px) 100vw, 800px\" \/><\/figure>\n\n\n\n<hr class=\"wp-block-separator has-css-opacity\"\/>\n\n\n\n<figure class=\"wp-block-embed is-type-video is-provider-youtube wp-block-embed-youtube wp-embed-aspect-16-9 wp-has-aspect-ratio\"><div class=\"wp-block-embed__wrapper\">\n<div class=\"nv-iframe-embed\"><iframe loading=\"lazy\" title=\"\u0160portnik leta 2021 | Idrijske novice TV studio\" width=\"1200\" height=\"675\" src=\"https:\/\/www.youtube.com\/embed\/8C-OtFmEISk?feature=oembed\" frameborder=\"0\" allow=\"accelerometer; autoplay; clipboard-write; encrypted-media; gyroscope; picture-in-picture; web-share\" allowfullscreen><\/iframe><\/div>\n<\/div><\/figure>\n","protected":false},"excerpt":{"rendered":"<p>Zlato priznanje za \u0161portne dose\u017eke Jan Tratnik Jan je s svojimi predstavami postal eden najopaznej\u0161ih pomo\u010dnikov v kolesarski svetovni seriji. Izjemen rezultat mu je uspel \u017ee na dirki Giro d&#8217; Italia, kjer je osvojil 2. mesto na etapi z zaklju\u010dkom na Zoncolan. Kasneje v sezoni se je znova okronal z nazivom dr\u017eavnega prvaka v kronometru,&hellip;&nbsp;<a href=\"https:\/\/sportnazvezaidrija.si\/?page_id=477\" rel=\"bookmark\">Preberi ve\u010d &raquo;<span class=\"screen-reader-text\">\u0160PORTNIK LETA 2021<\/span><\/a><\/p>\n","protected":false},"author":1,"featured_media":0,"parent":472,"menu_order":1,"comment_status":"closed","ping_status":"closed","template":"","meta":{"neve_meta_sidebar":"","neve_meta_container":"","neve_meta_enable_content_width":"","neve_meta_content_width":0,"neve_meta_title_alignment":"","neve_meta_author_avatar":"","neve_post_elements_order":"","neve_meta_disable_header":"","neve_meta_disable_footer":"","neve_meta_disable_title":"","footnotes":""},"class_list":["post-477","page","type-page","status-publish","hentry"],"_links":{"self":[{"href":"https:\/\/sportnazvezaidrija.si\/index.php?rest_route=\/wp\/v2\/pages\/477","targetHints":{"allow":["GET"]}}],"collection":[{"href":"https:\/\/sportnazvezaidrija.si\/index.php?rest_route=\/wp\/v2\/pages"}],"about":[{"href":"https:\/\/sportnazvezaidrija.si\/index.php?rest_route=\/wp\/v2\/types\/page"}],"author":[{"embeddable":true,"href":"https:\/\/sportnazvezaidrija.si\/index.php?rest_route=\/wp\/v2\/users\/1"}],"replies":[{"embeddable":true,"href":"https:\/\/sportnazvezaidrija.si\/index.php?rest_route=%2Fwp%2Fv2%2Fcomments&post=477"}],"version-history":[{"count":1,"href":"https:\/\/sportnazvezaidrija.si\/index.php?rest_route=\/wp\/v2\/pages\/477\/revisions"}],"predecessor-version":[{"id":478,"href":"https:\/\/sportnazvezaidrija.si\/index.php?rest_route=\/wp\/v2\/pages\/477\/revisions\/478"}],"up":[{"embeddable":true,"href":"https:\/\/sportnazvezaidrija.si\/index.php?rest_route=\/wp\/v2\/pages\/472"}],"wp:attachment":[{"href":"https:\/\/sportnazvezaidrija.si\/index.php?rest_route=%2Fwp%2Fv2%2Fmedia&parent=477"}],"curies":[{"name":"wp","href":"https:\/\/api.w.org\/{rel}","templated":true}]}}